{"id":6324,"date":"2026-01-26T09:05:21","date_gmt":"2026-01-26T06:05:21","guid":{"rendered":"https:\/\/www.elevenestetik.com\/esthetique-de-loreille\/"},"modified":"2026-01-26T09:07:13","modified_gmt":"2026-01-26T06:07:13","slug":"esthetique-de-loreille","status":"publish","type":"page","link":"https:\/\/www.elevenestetik.com\/fr\/esthetique-de-loreille\/","title":{"rendered":"Esth\u00e9tique de l&rsquo;oreille"},"content":{"rendered":"<section class=\"l-section wpb_row us_custom_4e2a4f93 height_large\"><div class=\"l-section-h i-cf\"><div class=\"g-cols vc_row via_grid cols_1 laptops-cols_inherit tablets-cols_inherit mobiles-cols_1 valign_top type_default stacking_default\"><div class=\"wpb_column vc_column_container\"><div class=\"vc_column-inner\"><h1 class=\"w-text us_custom_28784076 has_text_color\"><span class=\"w-text-h\"><span class=\"w-text-value\">Esth\u00e9tique de l&#039;oreille<\/span><\/span><\/h1><\/div><\/div><\/div><\/div><\/section><section class=\"l-section wpb_row us_custom_6179e1d8 height_large width_full\"><div class=\"l-section-h i-cf\"><div class=\"g-cols vc_row via_grid cols_1 laptops-cols_inherit tablets-cols_inherit mobiles-cols_1 valign_top type_default stacking_default\"><div class=\"wpb_column vc_column_container\"><div class=\"vc_column-inner\"><div class=\"g-cols wpb_row via_grid cols_2 laptops-cols_inherit tablets-cols_inherit mobiles-cols_1 valign_top type_default stacking_default\" style=\"--columns-gap:2rem;\"><div class=\"wpb_column vc_column_container\"><div class=\"vc_column-inner\"><div class=\"w-image us_custom_9cf479d2 align_none\"><div class=\"w-image-h\"><img decoding=\"async\" width=\"1024\" height=\"576\" src=\"https:\/\/www.elevenestetik.com\/wp-content\/uploads\/2024\/01\/kepce_kulak_estetigi-1024x576.jpg\" class=\"attachment-large size-large\" alt=\"\" loading=\"lazy\" srcset=\"https:\/\/www.elevenestetik.com\/wp-content\/uploads\/2024\/01\/kepce_kulak_estetigi-1024x576.jpg 1024w, https:\/\/www.elevenestetik.com\/wp-content\/uploads\/2024\/01\/kepce_kulak_estetigi-300x169.jpg 300w, https:\/\/www.elevenestetik.com\/wp-content\/uploads\/2024\/01\/kepce_kulak_estetigi.jpg 1920w\" sizes=\"auto, (max-width: 1024px) 100vw, 1024px\"><\/div><\/div><\/div><\/div><div class=\"wpb_column vc_column_container us_custom_29737451\"><div class=\"vc_column-inner\"><div class=\"w-hwrapper us_custom_147c3537 valign_top stack_on_mobiles align_center\" style=\"--hwrapper-gap:3rem\"><div class=\"w-iconbox us_custom_f9f315b4 has_text_color iconpos_top style_default color_primary align_center\"><div class=\"w-iconbox-icon\" style=\"font-size:2rem;\"><i class=\"fas fa-hospital\"><\/i><\/div><div class=\"w-iconbox-meta\"><p class=\"w-iconbox-title\">Dur\u00e9e de l&#039;hospitalisation<\/p><div class=\"w-iconbox-text\"><p>Pas d&rsquo;hospitalisation<\/p>\n<\/div><\/div><\/div><div class=\"w-iconbox us_custom_f9f315b4 has_text_color iconpos_top style_default color_primary align_center\"><div class=\"w-iconbox-icon\" style=\"font-size:2rem;\"><i class=\"fas fa-clock\"><\/i><\/div><div class=\"w-iconbox-meta\"><p class=\"w-iconbox-title\">Dur\u00e9e de l&#039;op\u00e9ration<\/p><div class=\"w-iconbox-text\"><p>1 heure<\/p>\n<\/div><\/div><\/div><div class=\"w-iconbox us_custom_f9f315b4 has_text_color iconpos_top style_default color_primary align_center\"><div class=\"w-iconbox-icon\" style=\"font-size:2rem;\"><i class=\"fas fa-stethoscope\"><\/i><\/div><div class=\"w-iconbox-meta\"><p class=\"w-iconbox-title\">Type d&#039;anesth\u00e9sie<\/p><div class=\"w-iconbox-text\"><p>Anesth\u00e9sie locale<\/p>\n<\/div><\/div><\/div><div class=\"w-iconbox us_custom_f9f315b4 has_text_color iconpos_top style_default color_primary align_center\"><div class=\"w-iconbox-icon\" style=\"font-size:2rem;\"><i class=\"fas fa-hands-heart\"><\/i><\/div><div class=\"w-iconbox-meta\"><p class=\"w-iconbox-title\">Processus de r\u00e9cup\u00e9ration<\/p><div class=\"w-iconbox-text\"><p>1 &#8211; 2 semaines<\/p>\n<\/div><\/div><\/div><\/div><h6 class=\"w-text us_custom_d0e1c2ad\"><span class=\"w-text-h\"><span class=\"w-text-value\">Contactez-nous pour plus d&#039;informations.<\/span><\/span><\/h6><div class=\"w-btn-wrapper align_center\"><a class=\"w-btn us-btn-style_1\" href=\"https:\/\/wa.me\/+905011552511\" target=\"_blank\" rel=\"noopener\"><span class=\"w-btn-label\">\u00c9crire sur WhatsApp<\/span><\/a><\/div><\/div><\/div><\/div><\/div><\/div><\/div><\/div><\/section><section class=\"l-section wpb_row us_custom_ddf21fbc height_large\"><div class=\"l-section-h i-cf\"><div class=\"g-cols vc_row via_grid cols_1 laptops-cols_inherit tablets-cols_inherit mobiles-cols_1 valign_top type_default stacking_default\"><div class=\"wpb_column vc_column_container\"><div class=\"vc_column-inner\"><div class=\"wpb_text_column\"><div class=\"wpb_wrapper\"><p>L&rsquo;esth\u00e9tique de l&rsquo;oreille pro\u00e9minente est de plus en plus populaire, surtout chez les adultes soucieux de leur apparence. Dans cet article, nous examinerons ce qu&rsquo;est l&rsquo;<strong>esth\u00e9tique de l&rsquo;oreille pro\u00e9minente<\/strong>, le <strong>prix de<\/strong> cette op\u00e9ration et les exp\u00e9riences de ceux qui ont subi cette intervention. Nous vous donnerons \u00e9galement des conseils et r\u00e9pondrons aux questions les plus fr\u00e9quentes concernant les <strong>soins \u00e0 prodiguer apr\u00e8s l&rsquo;esth\u00e9tique de l&rsquo;oreille pro\u00e9minente<\/strong>. En lisant attentivement cet article, vous trouverez des informations importantes qui vous permettront de vous sentir mieux et d&rsquo;augmenter votre confiance en vous.   <\/p>\n<h2>Qu&rsquo;est-ce que Prominent Ear Aesthetics ?<\/h2>\n<p>L&rsquo;esth\u00e9tique de l&rsquo;oreille pro\u00e9minente est une intervention chirurgicale visant \u00e0 corriger la forme de l&rsquo;oreille externe et \u00e0 r\u00e9duire l&rsquo;angle des oreilles par rapport \u00e0 la t\u00eate. Cette op\u00e9ration esth\u00e9tique est g\u00e9n\u00e9ralement pr\u00e9f\u00e9r\u00e9e pour \u00e9liminer les probl\u00e8mes cong\u00e9nitaux d&rsquo;oreille pro\u00e9minente. Les oreilles ont pos\u00e9 des probl\u00e8mes esth\u00e9tiques \u00e0 de nombreuses personnes dans le pass\u00e9 et \u00e0 l&rsquo;heure actuelle, ce qui a eu des r\u00e9percussions psychologiques sur la vie sociale. L&rsquo;esth\u00e9tique de l&rsquo;oreille pro\u00e9minente vise \u00e0 \u00e9liminer ces probl\u00e8mes.   <\/p>\n<h3>Principales caract\u00e9ristiques du processus<\/h3>\n<ul>\n<li><strong>M\u00e9thodes chirurgicales<\/strong>: Bien que l&rsquo;esth\u00e9tique des oreilles pro\u00e9minentes soit g\u00e9n\u00e9ralement pratiqu\u00e9e sous anesth\u00e9sie locale, l&rsquo;anesth\u00e9sie g\u00e9n\u00e9rale peut \u00e9galement \u00eatre utilis\u00e9e en fonction de l&rsquo;\u00e9tat et des pr\u00e9f\u00e9rences du patient. Au cours de l&rsquo;intervention, la forme souhait\u00e9e est donn\u00e9e en intervenant sur le cartilage de l&rsquo;oreille. <\/li>\n<li><strong>Processus d&rsquo;application<\/strong>: La dur\u00e9e de l&rsquo;op\u00e9ration varie entre 1 et 2 heures. Le chirurgien pratique une petite incision \u00e0 l&rsquo;arri\u00e8re de l&rsquo;oreille et rapproche les oreilles de la t\u00eate en effectuant les corrections n\u00e9cessaires. <\/li>\n<li><strong>Tranche d&rsquo;\u00e2ge<\/strong>: Cette op\u00e9ration peut g\u00e9n\u00e9ralement \u00eatre pratiqu\u00e9e \u00e0 partir de l&rsquo;\u00e2ge de 5 ans. Une intervention \u00e0 un jeune \u00e2ge contribue positivement \u00e0 la vie sociale de l&rsquo;enfant. <\/li>\n<\/ul>\n<h3>\u00c0 qui s&rsquo;adresse-t-il ?<\/h3>\n<p>L&rsquo;esth\u00e9tique de l&rsquo;oreille pro\u00e9minente convient aux personnes souffrant des affections suivantes :<\/p>\n<ul>\n<li>Les personnes qui pensent que leurs oreilles sont plus pro\u00e9minentes que leur t\u00eate<\/li>\n<li>Personnes pr\u00e9sentant une anomalie cong\u00e9nitale de la structure de l&rsquo;oreille externe<\/li>\n<li>Les personnes qui ont besoin de cette op\u00e9ration pour des raisons esth\u00e9tiques<\/li>\n<\/ul>\n<p>Cette op\u00e9ration esth\u00e9tique ne corrige pas seulement l&rsquo;apparence physique, elle entra\u00eene \u00e9galement des changements positifs dans la vie sociale en augmentant la confiance en soi de la personne.<\/p>\n<h3>Processus de r\u00e9cup\u00e9ration<\/h3>\n<p>Apr\u00e8s l&rsquo;op\u00e9ration, les patients peuvent g\u00e9n\u00e9ralement reprendre leur vie normale en une \u00e0 deux semaines. Toutefois, il est tr\u00e8s important de <strong>prendre soin de l&rsquo;esth\u00e9tique de l&rsquo;oreille pro\u00e9minente<\/strong>. En suivant les recommandations du m\u00e9decin, vous pouvez acc\u00e9l\u00e9rer le processus de gu\u00e9rison et pr\u00e9venir d&rsquo;\u00e9ventuelles complications.  <\/p>\n<p>En r\u00e9sum\u00e9, l&rsquo;esth\u00e9tique de l&rsquo;oreille pro\u00e9minente est une intervention chirurgicale importante qui contribue positivement \u00e0 la vie sociale des individus. En particulier, <strong>les personnes qui ont eu recours \u00e0 l&rsquo;esth\u00e9tique de l&rsquo;oreille pro\u00e9minente<\/strong> sont g\u00e9n\u00e9ralement satisfaites de l&rsquo;intervention et d\u00e9clarent que leur qualit\u00e9 de vie s&rsquo;est am\u00e9lior\u00e9e. <\/p>\n<figure class=\"image\"><img loading=\"lazy\" decoding=\"async\" src=\"https:\/\/www.elevenestetik.com\/wp-content\/uploads\/2024\/02\/Kepce-Kulak-Estetigi-Nedir.jpg\" alt=\"\" width=\"1920\" height=\"1080\"><\/figure>\n<h2>Prix de l&rsquo;esth\u00e9tique auriculaire<\/h2>\n<p>L&rsquo;esth\u00e9tique de l&rsquo;oreille pro\u00e9minente est une intervention chirurgicale tr\u00e8s pris\u00e9e par les personnes d\u00e9sireuses d&rsquo;am\u00e9liorer leur apparence et d&rsquo;accro\u00eetre leur confiance en elles. Cependant, les prix de ce type d&rsquo;intervention esth\u00e9tique varient en fonction de nombreux facteurs. Les principaux facteurs influen\u00e7ant le prix sont les suivants :  <\/p>\n<ul>\n<li><strong>Exp\u00e9rience du chirurgien<\/strong>: Les chirurgiens experts et exp\u00e9riment\u00e9s pratiquent g\u00e9n\u00e9ralement des tarifs plus \u00e9lev\u00e9s. Les ant\u00e9c\u00e9dents, les taux de r\u00e9ussite et les r\u00e9f\u00e9rences du chirurgien ont une incidence significative sur le prix. <\/li>\n<li><strong>Choix de la clinique<\/strong>: L&#8217;emplacement de la clinique o\u00f9 sont pratiqu\u00e9es les interventions esth\u00e9tiques, la qualit\u00e9 de l&rsquo;\u00e9tablissement de sant\u00e9 et les services qu&rsquo;il propose sont autant de facteurs qui d\u00e9terminent les prix. Par exemple, les cliniques situ\u00e9es dans les grandes villes peuvent g\u00e9n\u00e9ralement pratiquer des prix plus \u00e9lev\u00e9s. <\/li>\n<li><strong>Complexit\u00e9 de la proc\u00e9dure<\/strong>: La complexit\u00e9 de la proc\u00e9dure se refl\u00e8te \u00e9galement dans le prix. Si elle n\u00e9cessite une proc\u00e9dure suppl\u00e9mentaire, le co\u00fbt peut augmenter. <\/li>\n<li><strong>Anesth\u00e9sie et autres co\u00fbts<\/strong>: Le type d&rsquo;anesth\u00e9sie et la qualit\u00e9 de l&rsquo;\u00e9quipement utilis\u00e9 ont \u00e9galement une incidence sur les prix. Les options plus co\u00fbteuses, comme l&rsquo;anesth\u00e9sie g\u00e9n\u00e9rale, augmentent le co\u00fbt total. <\/li>\n<\/ul>\n<h3>Fourchettes de prix moyens<\/h3>\n<p>Le tableau ci-dessous pr\u00e9sente les fourchettes moyennes des prix de l&rsquo;esth\u00e9tique de l&rsquo;oreille :<\/p>\n<figure class=\"table\">\n<table>\n<thead>\n<tr>\n<th>Type de clinique<\/th>\n<th>Fourchette de prix (TL)<\/th>\n<\/tr>\n<\/thead>\n<tbody>\n<tr>\n<td>H\u00f4pitaux publics<\/td>\n<td>Demander une offre<\/td>\n<\/tr>\n<tr>\n<td>H\u00f4pitaux priv\u00e9s<\/td>\n<td>Demandez une offre<\/td>\n<\/tr>\n<tr>\n<td>Cliniques priv\u00e9es<\/td>\n<td>Demandez une offre<\/td>\n<\/tr>\n<\/tbody>\n<\/table>\n<\/figure>\n<p>Ces prix doivent \u00eatre \u00e9valu\u00e9s en tenant compte des co\u00fbts suppl\u00e9mentaires (contr\u00f4les, m\u00e9dicaments, etc.) avant et apr\u00e8s l&rsquo;intervention. En outre, <strong>ceux qui ont une esth\u00e9tique d&rsquo;oreille importante<\/strong> devraient g\u00e9n\u00e9ralement consid\u00e9rer le co\u00fbt total en prenant en compte les processus de soins postop\u00e9ratoires. <\/p>\n<h3>Options de paiement<\/h3>\n<p>De nombreuses cliniques proposent des plans de paiement \u00e9chelonn\u00e9 pour all\u00e9ger la charge financi\u00e8re des patients. Ainsi, les co\u00fbts associ\u00e9s \u00e0 la chirurgie esth\u00e9tique deviennent plus faciles \u00e0 g\u00e9rer. En outre, certaines assurances maladie couvrent les interventions esth\u00e9tiques dans certains cas. Il est donc utile de v\u00e9rifier votre couverture d&rsquo;assurance avant l&rsquo;intervention.   <\/p>\n<p>Par cons\u00e9quent, les prix de l&rsquo;esth\u00e9tique de l&rsquo;oreille varient en fonction des demandes et des pr\u00e9f\u00e9rences des individus. En effectuant une recherche d\u00e9taill\u00e9e, il sera possible d&rsquo;obtenir un service \u00e0 la fois adapt\u00e9 \u00e0 votre budget et fiable. Il ne faut pas oublier que si le co\u00fbt est important, le choix du bon chirurgien pour obtenir des r\u00e9sultats de qualit\u00e9 est au moins aussi important que le prix.  <\/p>\n<h2>Exp\u00e9riences des personnes ayant une esth\u00e9tique auriculaire pro\u00e9minente<\/h2>\n<p>L&rsquo;esth\u00e9tique des oreilles pro\u00e9minentes apporte un changement visuel et une augmentation de la confiance en soi pour de nombreuses personnes. C&rsquo;est pourquoi il est important d&rsquo;examiner les exp\u00e9riences de ceux qui pr\u00e9f\u00e8rent cette proc\u00e9dure, \u00e0 la fois pour mieux comprendre le processus et pour aider \u00e0 la phase de prise de d\u00e9cision. Voici quelques exp\u00e9riences importantes communiqu\u00e9es par <strong>ceux qui ont eu recours \u00e0 l&rsquo;esth\u00e9tique auriculaire<\/strong>:  <\/p>\n<h3>Exp\u00e9riences positives<\/h3>\n<p><strong>Une plus grande confiance en soi<\/strong>: De nombreuses personnes d\u00e9clarent que leur confiance en elles s&rsquo;est consid\u00e9rablement am\u00e9lior\u00e9e apr\u00e8s avoir b\u00e9n\u00e9fici\u00e9 d&rsquo;une esth\u00e9tique auriculaire de premier plan. Les personnes qui d\u00e9clarent se sentir plus \u00e0 l&rsquo;aise, notamment en soci\u00e9t\u00e9, soulignent que leur vie sociale s&rsquo;est am\u00e9lior\u00e9e. <\/p>\n<p><strong>Douleur et inconfort<\/strong>: La plupart des personnes ont d\u00e9clar\u00e9 avoir ressenti une douleur minime pendant la p\u00e9riode postop\u00e9ratoire. En g\u00e9n\u00e9ral, cette douleur peut \u00eatre facilement contr\u00f4l\u00e9e avec un simple analg\u00e9sique. <\/p>\n<p><strong>Processus de r\u00e9cup\u00e9ration rapide<\/strong>: la p\u00e9riode de r\u00e9cup\u00e9ration apr\u00e8s la proc\u00e9dure esth\u00e9tique peut varier, mais de nombreuses personnes affirment que le processus se d\u00e9roule g\u00e9n\u00e9ralement plus rapidement que leurs attentes. En outre, le d\u00e9lai de retour \u00e0 la vie professionnelle a \u00e9t\u00e9 plus court que pr\u00e9vu pour de nombreux patients. <\/p>\n<p><strong>Le naturel<\/strong>: De nombreux commentaires positifs ont \u00e9t\u00e9 formul\u00e9s quant \u00e0 l&rsquo;aspect naturel des proc\u00e9dures. Gr\u00e2ce aux chirurgiens experts, les oreilles sont model\u00e9es de la mani\u00e8re la plus appropri\u00e9e \u00e0 la structure naturelle, ce qui rend les r\u00e9sultats esth\u00e9tiques satisfaisants. <\/p>\n<h3>\u00c9l\u00e9ments \u00e0 prendre en compte<\/h3>\n<p><strong>S\u00e9lection du m\u00e9decin<\/strong>: Il est soulign\u00e9 que le choix du bon m\u00e9decin est essentiel pour la r\u00e9ussite du processus. Travailler avec un chirurgien exp\u00e9riment\u00e9 et expert r\u00e9duit la probabilit\u00e9 de cons\u00e9quences n\u00e9gatives. <\/p>\n<p>La <strong>communication<\/strong>: Il est souvent dit que les patients doivent exprimer clairement leurs attentes et leurs pr\u00e9occupations \u00e0 leur chirurgien avant l&rsquo;op\u00e9ration. Cela permet de rendre le processus plus confortable. <\/p>\n<p><strong>Informations pr\u00e9op\u00e9ratoires et postop\u00e9ratoires<\/strong>: Il est important que les patients re\u00e7oivent des informations d\u00e9taill\u00e9es sur le d\u00e9roulement de l&rsquo;op\u00e9ration et la p\u00e9riode postop\u00e9ratoire. Les informations fournies permettent aux patients d&rsquo;\u00eatre mieux inform\u00e9s sur le processus et de r\u00e9duire les \u00e9ventuelles inqui\u00e9tudes. <\/p>\n<h3>Conclusion<\/h3>\n<p>L&rsquo;esth\u00e9tique de l&rsquo;oreille pro\u00e9minente donne des r\u00e9sultats satisfaisants pour de nombreuses personnes et am\u00e9liore leur qualit\u00e9 de vie. L&rsquo;exp\u00e9rience <strong>des personnes ayant eu recours \u00e0 l&rsquo;esth\u00e9tique de l&rsquo;oreille pro\u00e9minente<\/strong> constitue une ressource pr\u00e9cieuse pour les personnes qui envisagent cette intervention. Il est utile d&rsquo;envisager cette intervention esth\u00e9tique en vous fiant \u00e0 votre propre exp\u00e9rience et \u00e0 votre m\u00e9decin. Si vous \u00eates encore ind\u00e9cis, l&rsquo;examen de ces exp\u00e9riences peut vous inspirer.   <\/p>\n<figure class=\"image\"><img loading=\"lazy\" decoding=\"async\" src=\"https:\/\/www.elevenestetik.com\/wp-content\/uploads\/2024\/02\/Kepce-Kulak-Ameliyati-Kimler-Icin-Uygun.jpg\" alt=\"\" width=\"1920\" height=\"1080\"><\/figure>\n<h2>Conseils de soins apr\u00e8s l&rsquo;esth\u00e9tique de l&rsquo;oreille pro\u00e9minente<\/h2>\n<p>Il est tr\u00e8s important de prendre soin de l&rsquo;esth\u00e9tique de l&rsquo;oreille pour que le processus de gu\u00e9rison soit sain et harmonieux. Certains points \u00e0 prendre en compte apr\u00e8s l&rsquo;op\u00e9ration permettent d&rsquo;\u00e9viter les inconv\u00e9nients que vous pourriez rencontrer \u00e0 l&rsquo;avenir. Voici les conseils de base \u00e0 prendre en compte :  <\/p>\n<h3>1. utilisation du bandage<\/h3>\n<ul>\n<li>Le bandage ou le pansement remis par votre m\u00e9decin apr\u00e8s l&rsquo;op\u00e9ration est efficace pour prot\u00e9ger la zone de l&rsquo;oreille.<\/li>\n<li>Le fait de retirer le pansement pendant la p\u00e9riode sp\u00e9cifi\u00e9e peut augmenter le risque d&rsquo;infection.<\/li>\n<\/ul>\n<h3>2. l&rsquo;activit\u00e9 physique<\/h3>\n<ul>\n<li>Les activit\u00e9s physiques intensives doivent \u00eatre \u00e9vit\u00e9es pendant les premi\u00e8res semaines suivant l&rsquo;intervention esth\u00e9tique.<\/li>\n<li>Des activit\u00e9s telles que la natation, la course \u00e0 pied ou le port de charges lourdes peuvent entra\u00eener des mouvements inutiles des oreilles et prolonger le processus de gu\u00e9rison.<\/li>\n<\/ul>\n<h3>3. la natation et le sauna<\/h3>\n<ul>\n<li>En particulier au cours du premier mois, les environnements tels que la piscine, la mer ou le sauna doivent \u00eatre \u00e9vit\u00e9s.<\/li>\n<li>L&rsquo;eau peut endommager la zone de l&rsquo;oreille et augmenter le risque d&rsquo;infection.<\/li>\n<\/ul>\n<h3>4. consommation de drogues<\/h3>\n<ul>\n<li>L&rsquo;utilisation r\u00e9guli\u00e8re d&rsquo;analg\u00e9siques ou d&rsquo;antibiotiques prescrits par un m\u00e9decin garantit un processus de gu\u00e9rison confortable.<\/li>\n<\/ul>\n<h3>5. se rendre aux rendez-vous de suivi<\/h3>\n<ul>\n<li>La pr\u00e9sence aux rendez-vous de suivi programm\u00e9s apr\u00e8s l&rsquo;op\u00e9ration permet au m\u00e9decin d&rsquo;observer votre processus de r\u00e9tablissement et de d\u00e9tecter rapidement d&rsquo;\u00e9ventuels probl\u00e8mes.<\/li>\n<\/ul>\n<h3>6. l&rsquo;hygi\u00e8ne de l&rsquo;oreille<\/h3>\n<ul>\n<li>Le nettoyage de la r\u00e9gion de l&rsquo;oreille est important, mais il faut \u00eatre prudent lors du lavage.<\/li>\n<li>Le contact avec les cotons-tiges doit \u00eatre \u00e9vit\u00e9 pour ne pas endommager la zone de l&rsquo;oreille.<\/li>\n<\/ul>\n<h3>7. les titres ennuyeux<\/h3>\n<ul>\n<li>Il n&rsquo;est pas recommand\u00e9 d&rsquo;attacher les oreilles d&rsquo;une mani\u00e8re ou d&rsquo;une autre avec un bonnet serr\u00e9 pendant le processus de gu\u00e9rison.<\/li>\n<li>Vous ne devez utiliser que les compl\u00e9ments recommand\u00e9s par votre m\u00e9decin.<\/li>\n<\/ul>\n<h3>Tableau des conseils d&rsquo;entretien<\/h3>\n<figure class=\"table\">\n<table>\n<thead>\n<tr>\n<th>Conseils de soins<\/th>\n<th>Description de l&rsquo;article<\/th>\n<\/tr>\n<\/thead>\n<tbody>\n<tr>\n<td>Utilisation des bandages<\/td>\n<td>Le fait d&rsquo;enlever le pansement pendant toute la dur\u00e9e de l&rsquo;intervention augmente le risque d&rsquo;infection.<\/td>\n<\/tr>\n<tr>\n<td>Activit\u00e9 physique<\/td>\n<td>Les activit\u00e9s intensives doivent \u00eatre \u00e9vit\u00e9es pendant les premi\u00e8res semaines.<\/td>\n<\/tr>\n<tr>\n<td>Natation et sauna<\/td>\n<td>Les activit\u00e9s aquatiques doivent \u00eatre \u00e9vit\u00e9es pendant le premier mois.<\/td>\n<\/tr>\n<tr>\n<td>Utilisation des m\u00e9dicaments<\/td>\n<td>Les m\u00e9dicaments recommand\u00e9s par le m\u00e9decin doivent \u00eatre pris r\u00e9guli\u00e8rement.<\/td>\n<\/tr>\n<tr>\n<td>Rendez-vous de suivi<\/td>\n<td>Respectez vos rendez-vous de suivi.<\/td>\n<\/tr>\n<tr>\n<td>Hygi\u00e8ne de l&rsquo;oreille<\/td>\n<td>Vous devez \u00eatre prudent lors du nettoyage et \u00e9viter d&rsquo;utiliser des outils durs.<\/td>\n<\/tr>\n<tr>\n<td>Des titres ennuyeux<\/td>\n<td>Veillez \u00e0 ne pas utiliser une cagoule trop serr\u00e9e.<\/td>\n<\/tr>\n<\/tbody>\n<\/table>\n<\/figure>\n<p>Il est extr\u00eamement important de soigner l&rsquo;esth\u00e9tique de l&rsquo;oreille pro\u00e9minente, \u00e0 la fois pour prot\u00e9ger votre sant\u00e9 et pour obtenir les r\u00e9sultats que vous souhaitez. En suivant ces conseils, vous pouvez vous assurer que le processus est agr\u00e9able et sain. N&rsquo;oubliez pas que les d\u00e9tails des <strong>soins apr\u00e8s l&rsquo;esth\u00e9tique de l&rsquo;oreille pro\u00e9minente<\/strong> peuvent varier en fonction de la situation individuelle de chaque patient ; par cons\u00e9quent, vous devez \u00e9galement tenir compte des recommandations de votre m\u00e9decin.  <\/p>\n<h2>Questions fr\u00e9quemment pos\u00e9es sur l&rsquo;esth\u00e9tique de l&rsquo;oreille pro\u00e9minente<\/h2>\n<p>L&rsquo;esth\u00e9tique de l&rsquo;oreille pro\u00e9minente est une intervention chirurgicale qui suscite une certaine inqui\u00e9tude et une certaine curiosit\u00e9. De nombreuses questions se posent sur les d\u00e9tails de cette intervention. Vous trouverez ci-dessous les questions fr\u00e9quemment pos\u00e9es et les r\u00e9ponses concernant cette application esth\u00e9tique.  <\/p>\n<h3>1) L&rsquo;esth\u00e9tique de l&rsquo;oreille pro\u00e9minente est-elle une proc\u00e9dure douloureuse ?<\/h3>\n<ul>\n<li><strong>R\u00e9ponse :<\/strong> L&rsquo;esth\u00e9tique de l&rsquo;oreille pro\u00e9minente est g\u00e9n\u00e9ralement r\u00e9alis\u00e9e sous anesth\u00e9sie locale. Par cons\u00e9quent, aucune douleur n&rsquo;est ressentie pendant l&rsquo;intervention. Toutefois, il peut y avoir une l\u00e9g\u00e8re g\u00eane ou une douleur apr\u00e8s l&rsquo;intervention, qui peut \u00eatre contr\u00f4l\u00e9e par des analg\u00e9siques recommand\u00e9s par le m\u00e9decin.  <\/li>\n<\/ul>\n<h3>2) Quand pourrai-je reprendre une vie normale apr\u00e8s mon op\u00e9ration ?<\/h3>\n<ul>\n<li><strong>R\u00e9ponse :<\/strong> Apr\u00e8s l&rsquo;op\u00e9ration, les patients peuvent g\u00e9n\u00e9ralement reprendre leur vie quotidienne dans les 1 \u00e0 2 jours qui suivent. Toutefois, il est important d&rsquo;\u00e9viter les activit\u00e9s physiques et de suivre les recommandations du m\u00e9decin. Le processus de r\u00e9tablissement complet peut prendre 2 \u00e0 3 semaines.  <\/li>\n<\/ul>\n<h3>3) Quel est le prix de l&rsquo;esth\u00e9tique de l&rsquo;oreille ?<\/h3>\n<ul>\n<li><strong>R\u00e9ponse :<\/strong> <strong>Les prix de l&rsquo;esth\u00e9tique des oreilles<\/strong> varient en fonction de nombreux facteurs. L&rsquo;h\u00f4pital ou la clinique o\u00f9 l&rsquo;intervention est pratiqu\u00e9e, l&rsquo;exp\u00e9rience du chirurgien et les techniques utilis\u00e9es ont une incidence sur le prix. En g\u00e9n\u00e9ral, cette intervention peut varier entre plusieurs milliers de TL dans notre pays.  <\/li>\n<\/ul>\n<h3>4) Y aura-t-il une cicatrice apr\u00e8s l&rsquo;op\u00e9ration ?<\/h3>\n<ul>\n<li><strong>R\u00e9ponse :<\/strong> Les coupes pratiqu\u00e9es dans le cadre de l&rsquo;esth\u00e9tique de l&rsquo;oreille pro\u00e9minente sont g\u00e9n\u00e9ralement situ\u00e9es derri\u00e8re l&rsquo;oreille, de sorte qu&rsquo;il est difficile de voir les cicatrices. Les chirurgiens experts pr\u00e9f\u00e8rent les m\u00e9thodes qui laisseront la cicatrice la moins esth\u00e9tique possible. <\/li>\n<\/ul>\n<h3>5) Quels sont les facteurs qui attirent les personnes qui ont des oreilles tr\u00e8s esth\u00e9tiques ?<\/h3>\n<ul>\n<li><strong>R\u00e9ponse :<\/strong> <strong>Les personnes qui ont des oreilles pro\u00e9minentes<\/strong> pr\u00e9f\u00e8rent g\u00e9n\u00e9ralement cette proc\u00e9dure pour des raisons telles que l&rsquo;augmentation de la confiance en soi, une apparence plus esth\u00e9tique et le sentiment d&rsquo;\u00eatre plus \u00e0 l&rsquo;aise dans leur vie sociale. Les changements positifs ressentis apr\u00e8s la proc\u00e9dure sont l&rsquo;une des motivations les plus importantes pour les personnes qui ont recours \u00e0 cette esth\u00e9tique. <\/li>\n<\/ul>\n<figure class=\"table\">\n<table>\n<thead>\n<tr>\n<th>Question<\/th>\n<th>R\u00e9ponse<\/th>\n<\/tr>\n<\/thead>\n<tbody>\n<tr>\n<td>S&rsquo;agit-il d&rsquo;une proc\u00e9dure douloureuse ?<\/td>\n<td>L&rsquo;op\u00e9ration est r\u00e9alis\u00e9e sous anesth\u00e9sie locale et peut entra\u00eener une l\u00e9g\u00e8re g\u00eane.<\/td>\n<\/tr>\n<tr>\n<td>Est-il temps de reprendre une vie normale ?<\/td>\n<td>Vous pouvez reprendre vos activit\u00e9s en 1 \u00e0 2 jours, mais il faut compter 2 \u00e0 3 semaines pour un r\u00e9tablissement complet.<\/td>\n<\/tr>\n<tr>\n<td>\u00c0 combien s&rsquo;\u00e9l\u00e8vent les prix de l&rsquo;esth\u00e9tique ?<\/td>\n<td>Plusieurs milliers de TL selon la clinique, l&rsquo;exp\u00e9rience du chirurgien et les techniques.<\/td>\n<\/tr>\n<tr>\n<td>Cela laissera-t-il une cicatrice ?<\/td>\n<td>En g\u00e9n\u00e9ral, les cicatrices restent derri\u00e8re l&rsquo;oreille, les sp\u00e9cialistes les minimisent.<\/td>\n<\/tr>\n<tr>\n<td>\u00c9l\u00e9ments d&rsquo;int\u00e9r\u00eat pour les personnes qui se font op\u00e9rer<\/td>\n<td>Am\u00e9lioration de la confiance en soi, de l&rsquo;esth\u00e9tique et du confort social.<\/td>\n<\/tr>\n<\/tbody>\n<\/table>\n<\/figure>\n<p>Ces informations vous aideront \u00e0 lever les points d&rsquo;interrogation que vous vous posez sur l&rsquo;esth\u00e9tique des oreilles pro\u00e9minentes. Avant d&rsquo;envisager toute intervention esth\u00e9tique, nous vous recommandons vivement de consulter un chirurgien sp\u00e9cialis\u00e9. <\/p>\n<h2>Questions fr\u00e9quemment pos\u00e9es<\/h2>\n<h3>Qu&rsquo;est-ce que l&rsquo;esth\u00e9tique de l&rsquo;oreille pro\u00e9minente ?<\/h3>\n<p>L&rsquo;esth\u00e9tique de l&rsquo;oreille pro\u00e9minente est une intervention chirurgicale visant \u00e0 rapprocher les oreilles de la t\u00eate et \u00e0 les rendre plus harmonieuses. Cette proc\u00e9dure est g\u00e9n\u00e9ralement appliqu\u00e9e pour corriger des anomalies dans la forme cong\u00e9nitale des oreilles. Le chirurgien fa\u00e7onne la structure cartilagineuse de la partie externe des oreilles pour leur donner un aspect plus naturel. L&rsquo;op\u00e9ration est g\u00e9n\u00e9ralement r\u00e9alis\u00e9e sous anesth\u00e9sie g\u00e9n\u00e9rale et la plupart des patients peuvent quitter l&rsquo;h\u00f4pital en quelques heures.   <\/p>\n<h3>\u00c0 qui s&rsquo;adresse l&rsquo;esth\u00e9tique de l&rsquo;oreille pro\u00e9minente ?<\/h3>\n<p>L&rsquo;esth\u00e9tique de l&rsquo;oreille pro\u00e9minente peut s&rsquo;appliquer aux individus de toutes les tranches d&rsquo;\u00e2ge, en particulier aux enfants. Toutefois, on estime g\u00e9n\u00e9ralement que les meilleurs r\u00e9sultats sont obtenus \u00e0 partir de 5-6 ans. Les interventions r\u00e9alis\u00e9es \u00e0 cet \u00e2ge peuvent aider les enfants \u00e0 se sentir psychologiquement \u00e0 l&rsquo;aise avant d&rsquo;entrer \u00e0 l&rsquo;\u00e9cole. En outre, les adultes peuvent \u00e9galement \u00e9liminer leurs pr\u00e9occupations esth\u00e9tiques en ayant recours \u00e0 l&rsquo;esth\u00e9tique de l&rsquo;oreille pro\u00e9minente.   <\/p>\n<h3>Comment se d\u00e9roule le processus de cicatrisation apr\u00e8s une esth\u00e9tique de l&rsquo;oreille pro\u00e9minente ?<\/h3>\n<p>Le processus de gu\u00e9rison apr\u00e8s une op\u00e9ration d&rsquo;esth\u00e9tique des oreilles est g\u00e9n\u00e9ralement rapide. Un l\u00e9ger gonflement et des ecchymoses peuvent \u00eatre observ\u00e9s apr\u00e8s l&rsquo;op\u00e9ration, mais ils disparaissent en quelques jours. Une fois les bandages retir\u00e9s au cours de la premi\u00e8re semaine, les patients peuvent reprendre progressivement leurs activit\u00e9s normales. Le r\u00e9tablissement complet prend environ 4 \u00e0 6 semaines et il est recommand\u00e9 de prot\u00e9ger les oreilles et d&rsquo;\u00e9viter les activit\u00e9s physiques excessives pendant cette p\u00e9riode.   <\/p>\n<h3>Y a-t-il un risque de complications apr\u00e8s l&rsquo;esth\u00e9tique de l&rsquo;oreille pro\u00e9minente ?<\/h3>\n<p>Comme pour toute intervention chirurgicale, il existe des risques de complications apr\u00e8s une esth\u00e9tique de l&rsquo;oreille pro\u00e9minente. Les complications les plus courantes sont les infections, les saignements et les retards de cicatrisation. Toutefois, ces risques sont minimis\u00e9s lorsque l&rsquo;intervention est r\u00e9alis\u00e9e par un chirurgien exp\u00e9riment\u00e9. Tant que le patient suit les instructions postop\u00e9ratoires, le risque de complications est consid\u00e9rablement r\u00e9duit. Il est donc extr\u00eamement important de suivre les recommandations du chirurgien.    <\/p>\n<\/div><\/div><\/div><\/div><\/div><\/div><\/section><section class=\"l-section wpb_row us_custom_315b8835 height_medium color_footer-bottom\"><div class=\"l-section-h i-cf\"><div class=\"g-cols vc_row via_grid cols_1 laptops-cols_inherit tablets-cols_inherit mobiles-cols_1 valign_middle type_default stacking_default\"><div class=\"wpb_column vc_column_container\"><div class=\"vc_column-inner\"><div class=\"g-cols wpb_row us_custom_ee246b62 has_text_color via_grid cols_2 laptops-cols_inherit tablets-cols_1 mobiles-cols_1 valign_middle type_default stacking_default\" style=\"--columns-gap:0rem;\"><div class=\"wpb_column vc_column_container us_custom_2c279b99\"><div class=\"vc_column-inner\"><div class=\"w-text us_custom_a5df9810 has_text_color\"><span class=\"w-text-h\"><span class=\"w-text-value\">Obtenez des informations et du soutien d\u00e8s maintenant<\/span><\/span><\/div><h2 class=\"w-text\"><span class=\"w-text-h\"><span class=\"w-text-value\">Demandez une consultation gratuite.<\/span><\/span><\/h2><\/div><\/div><div class=\"wpb_column vc_column_container us_custom_16154244\"><div class=\"vc_column-inner\"><div class=\"w-btn-wrapper default_align_right laptops_align_right tablets_align_left mobiles_align_left\"><a class=\"w-btn us-btn-style_2 us_custom_b4198c51\" href=\"https:\/\/www.elevenestetik.com\/fr\/contact\/\"><span class=\"w-btn-label\">Cr\u00e9er un rendez-vous<\/span><\/a><\/div><\/div><\/div><\/div><\/div><\/div><\/div><\/div><\/section>\n","protected":false},"excerpt":{"rendered":"Esth\u00e9tique de l&#039;oreilleDur\u00e9e de l&#039;hospitalisationPas d'hospitalisation Dur\u00e9e de l&#039;op\u00e9ration1 heure Type d&#039;anesth\u00e9sieAnesth\u00e9sie locale Processus de r\u00e9cup\u00e9ration1 - 2 semaines Contactez-nous pour plus d&#039;informations.\u00c9crire sur WhatsAppL&rsquo;esth\u00e9tique de l&rsquo;oreille pro\u00e9minente est de plus en plus populaire, surtout chez les adultes soucieux de leur apparence. Dans cet article, nous examinerons ce qu&rsquo;est l&rsquo;esth\u00e9tique de l&rsquo;oreille pro\u00e9minente, le prix...","protected":false},"author":1,"featured_media":2946,"parent":0,"menu_order":0,"comment_status":"closed","ping_status":"closed","template":"","meta":{"rank_math_focus_keyword":"esth\u00e9tique de l'oreille pro\u00e9minente","rank_math_description":"Dans cet article de blog, nous allons partager avec vous de nombreux d\u00e9tails curieux tels que ce qu'est l'esth\u00e9tique de l'oreille pro\u00e9minente, comment elle est r\u00e9alis\u00e9e et ce qu'il faut prendre en compte.","footnotes":""},"class_list":["post-6324","page","type-page","status-publish","has-post-thumbnail","hentry"],"_links":{"self":[{"href":"https:\/\/www.elevenestetik.com\/fr\/wp-json\/wp\/v2\/pages\/6324","targetHints":{"allow":["GET"]}}],"collection":[{"href":"https:\/\/www.elevenestetik.com\/fr\/wp-json\/wp\/v2\/pages"}],"about":[{"href":"https:\/\/www.elevenestetik.com\/fr\/wp-json\/wp\/v2\/types\/page"}],"author":[{"embeddable":true,"href":"https:\/\/www.elevenestetik.com\/fr\/wp-json\/wp\/v2\/users\/1"}],"replies":[{"embeddable":true,"href":"https:\/\/www.elevenestetik.com\/fr\/wp-json\/wp\/v2\/comments?post=6324"}],"version-history":[{"count":1,"href":"https:\/\/www.elevenestetik.com\/fr\/wp-json\/wp\/v2\/pages\/6324\/revisions"}],"predecessor-version":[{"id":6332,"href":"https:\/\/www.elevenestetik.com\/fr\/wp-json\/wp\/v2\/pages\/6324\/revisions\/6332"}],"wp:featuredmedia":[{"embeddable":true,"href":"https:\/\/www.elevenestetik.com\/fr\/wp-json\/wp\/v2\/media\/2946"}],"wp:attachment":[{"href":"https:\/\/www.elevenestetik.com\/fr\/wp-json\/wp\/v2\/media?parent=6324"}],"curies":[{"name":"wp","href":"https:\/\/api.w.org\/{rel}","templated":true}]}}